{"id":16394,"date":"2015-01-31T22:00:04","date_gmt":"2015-01-31T21:00:04","guid":{"rendered":"http:\/\/www.ballara.es\/?page_id=16394"},"modified":"2023-02-07T16:42:51","modified_gmt":"2023-02-07T15:42:51","slug":"quality","status":"publish","type":"page","link":"https:\/\/www.ballara.es\/ca\/qualitat\/","title":{"rendered":"Qualitat"},"content":{"rendered":"<div class=\"wpb-content-wrapper\"><p>[vc_row text_align=&#8221;center&#8221; background_image=&#8221;16581&#8243;][vc_column][vc_empty_space height=&#8221;90px&#8221;][vc_empty_space height=&#8221;35px&#8221;][vc_column_text]<\/p>\n<h1><span style=\"color: #ffffff; font-size: 70px;\">QUALITAT<\/span><\/h1>\n<p>[\/vc_column_text][vc_empty_space height=&#8221;60px&#8221;][\/vc_column][\/vc_row][vc_row][vc_column][vc_empty_space height=&#8221;80px&#8221;][\/vc_column][\/vc_row][vc_row][vc_column offset=&#8221;vc_col-xs-offset-1 vc_col-xs-10&#8243;][vc_row_inner css=&#8221;.vc_custom_1422900972529{margin-bottom: 30px !important;}&#8221;][vc_column_inner width=&#8221;1\/4&#8243;][vc_single_image image=&#8221;16501&#8243; img_size=&#8221;140&#215;160&#8243; alignment=&#8221;center&#8221; qode_css_animation=&#8221;element_from_fade&#8221; transition_delay=&#8221;0.2&#8243; css=&#8221;.vc_custom_1423190276978{margin-bottom: 60px !important;}&#8221;][\/vc_column_inner][vc_column_inner width=&#8221;7\/12&#8243; css=&#8221;.vc_custom_1423150114023{margin-right: 20px !important;}&#8221;][vc_column_text]<\/p>\n<h1><span style=\"color: #663300; font-size: 50px;\">IFS<\/span><\/h1>\n<p><span style=\"color: #cc9966; font-size: 21px; line-height: 26px;\">A Ballar\u00e0 hem adquirit el ferm comprom\u00eds d\u2019oferir la millor qualitat.<br \/>\nEl seguiment de cadascuna de les fases del proc\u00e9s de producci\u00f3 t\u00e9 com a objectiu garantir la qualitat i la seguretat aliment\u00e0ria en tots els nostres productes.<br \/>\nPerqu\u00e8 la qualitat \u00e9s la nostra prioritat.<br \/>\n<\/span>[\/vc_column_text][\/vc_column_inner][\/vc_row_inner][vc_row_inner text_align=&#8221;center&#8221;][vc_column_inner width=&#8221;5\/6&#8243;][vc_empty_space][vc_separator transparency=&#8221;1&#8243; up=&#8221;30px&#8221; down=&#8221;15px&#8221;][vc_empty_space height=&#8221;15px&#8221;][\/vc_column_inner][\/vc_row_inner][vc_row_inner css=&#8221;.vc_custom_1422900993520{margin-top: 15px !important;margin-bottom: 30px !important;}&#8221;][vc_column_inner width=&#8221;1\/4&#8243;][vc_single_image image=&#8221;17101&#8243; img_size=&#8221;150&#215;113&#8243; alignment=&#8221;center&#8221; qode_css_animation=&#8221;element_from_fade&#8221; transition_delay=&#8221;0.2&#8243; css=&#8221;.vc_custom_1675768523026{margin-bottom: 60px !important;}&#8221;][\/vc_column_inner][vc_column_inner width=&#8221;7\/12&#8243; css=&#8221;.vc_custom_1423150120169{margin-right: 20px !important;}&#8221;][vc_column_text]<\/p>\n<h1><span style=\"color: #663300; font-size: 50px;\">BRCGS<\/span><\/h1>\n<p>[\/vc_column_text][\/vc_column_inner][\/vc_row_inner][vc_row_inner][vc_column_inner width=&#8221;5\/6&#8243;][vc_empty_space][vc_separator transparency=&#8221;1&#8243; up=&#8221;30px&#8221; down=&#8221;15px&#8221;][vc_empty_space height=&#8221;15px&#8221;][\/vc_column_inner][\/vc_row_inner][vc_row_inner css=&#8221;.vc_custom_1422901000290{margin-top: 15px !important;margin-bottom: 30px !important;}&#8221;][vc_column_inner width=&#8221;1\/4&#8243;][vc_single_image image=&#8221;16554&#8243; img_size=&#8221;160&#215;160&#8243; alignment=&#8221;center&#8221; qode_css_animation=&#8221;element_from_fade&#8221; transition_delay=&#8221;0.2&#8243; css=&#8221;.vc_custom_1423191289120{margin-bottom: 60px !important;}&#8221;][\/vc_column_inner][vc_column_inner width=&#8221;7\/12&#8243; css=&#8221;.vc_custom_1423150126785{margin-right: 20px !important;}&#8221;][vc_column_text]<\/p>\n<h1><span style=\"color: #663300; font-size: 50px;\">REDUCCI\u00d3 D\u2019EMISSIONS DE CO<sub>2<\/sub><\/span><\/h1>\n<p><span style=\"color: #cc9966; font-size: 21px; line-height: 26px;\">El nostre comprom\u00eds amb la sostenibilitat i la sensibilitat cap al medi ambient ens ha fet prendre partit en aquesta l\u00ednia, desenvolupant accions com el nostre programa de reducci\u00f3 d\u2019emissions de di\u00f2xid de carboni.<\/span>[\/vc_column_text][\/vc_column_inner][\/vc_row_inner][vc_row_inner][vc_column_inner width=&#8221;5\/6&#8243;][vc_empty_space][vc_separator transparency=&#8221;1&#8243; up=&#8221;30px&#8221; down=&#8221;15px&#8221;][vc_empty_space height=&#8221;15px&#8221;][\/vc_column_inner][\/vc_row_inner][vc_row_inner css=&#8221;.vc_custom_1422901006136{margin-top: 15px !important;margin-bottom: 30px !important;}&#8221;][vc_column_inner width=&#8221;1\/4&#8243;][vc_single_image image=&#8221;16555&#8243; img_size=&#8221;160&#215;160&#8243; alignment=&#8221;center&#8221; qode_css_animation=&#8221;element_from_fade&#8221; transition_delay=&#8221;0.2&#8243; css=&#8221;.vc_custom_1423191304460{margin-bottom: 60px !important;}&#8221;][\/vc_column_inner][vc_column_inner width=&#8221;7\/12&#8243; css=&#8221;.vc_custom_1423150133112{margin-right: 20px !important;}&#8221;][vc_column_text]<\/p>\n<h1><span style=\"color: #663300; font-size: 50px;\">CONSCI\u00c8NCIA ECOL\u00d2GICA<\/span><\/h1>\n<p><span style=\"color: #cc9966; font-size: 21px; line-height: 26px;\">Pensem i actuem globalment. Vetllem perqu\u00e8 la nostra activitat sigui compatible amb el nostre entorn: ens encarreguem de disminuir els residus que generem i procurem fer servir recursos sostenibles en el nostre proc\u00e9s productiu.<\/span>[\/vc_column_text][\/vc_column_inner][\/vc_row_inner][vc_row_inner][vc_column_inner width=&#8221;5\/6&#8243;][vc_empty_space][vc_separator transparency=&#8221;1&#8243; up=&#8221;30px&#8221; down=&#8221;15px&#8221;][vc_empty_space height=&#8221;15px&#8221;][\/vc_column_inner][\/vc_row_inner][vc_row_inner css=&#8221;.vc_custom_1422901015560{margin-top: 15px !important;margin-bottom: 30px !important;}&#8221;][vc_column_inner width=&#8221;1\/4&#8243;][vc_single_image image=&#8221;16556&#8243; img_size=&#8221;160&#215;160&#8243; alignment=&#8221;center&#8221; qode_css_animation=&#8221;element_from_fade&#8221; transition_delay=&#8221;0.2&#8243; css=&#8221;.vc_custom_1423191320218{margin-bottom: 60px !important;}&#8221;][\/vc_column_inner][vc_column_inner width=&#8221;7\/12&#8243; css=&#8221;.vc_custom_1423150139633{margin-right: 20px !important;}&#8221;][vc_column_text]<\/p>\n<h1><span style=\"color: #663300; font-size: 50px;\">SALUT<\/span><\/h1>\n<p><span style=\"color: #cc9966; font-size: 21px; line-height: 26px;\">Ens comprometem amb tu per proporcionar una alimentaci\u00f3 saludable, mantenint l\u2019esperit de millora cont\u00ednua i de cerca de la m\u00e0xima qualitat. Aquest objectiu ens ha portat a eliminar tots els greixos hidrogenats dels nostres productes.<\/span>[\/vc_column_text][\/vc_column_inner][\/vc_row_inner][vc_row_inner][vc_column_inner width=&#8221;5\/6&#8243;][vc_empty_space][vc_separator transparency=&#8221;1&#8243; up=&#8221;30px&#8221; down=&#8221;15px&#8221;][vc_empty_space height=&#8221;15px&#8221;][\/vc_column_inner][\/vc_row_inner][vc_row_inner css=&#8221;.vc_custom_1422901024587{margin-top: 15px !important;margin-bottom: 30px !important;}&#8221;][vc_column_inner width=&#8221;1\/4&#8243;][vc_single_image image=&#8221;16557&#8243; img_size=&#8221;160&#215;160&#8243; alignment=&#8221;center&#8221; qode_css_animation=&#8221;element_from_fade&#8221; transition_delay=&#8221;0.2&#8243; css=&#8221;.vc_custom_1423191337383{margin-bottom: 60px !important;}&#8221;][\/vc_column_inner][vc_column_inner width=&#8221;7\/12&#8243; css=&#8221;.vc_custom_1423150145672{margin-right: 20px !important;}&#8221;][vc_column_text]<\/p>\n<h1><span style=\"color: #663300; font-size: 50px;\">OLI DE GIRA-SOL<\/span><\/h1>\n<p><span style=\"color: #cc9966; font-size: 21px; line-height: 26px;\">Els \u00e0cids grassos insaturats trans s\u00f3n perjudicials per a la salut pels seus alts nivells d\u2019LDL \u2014colesterol \u00abdolent\u00bb\u2014 i, alhora, afavoreixen la disminuci\u00f3 dels nivells d\u2019HDL \u2014colesterol \u00abbo\u00bb\u2014, cosa que crea un desequilibri al nostre organisme.<\/span><\/p>\n<p><span style=\"color: #cc9966; font-size: 21px; line-height: 26px;\">Per aix\u00f2, des de Ballar\u00e0 apostem per l\u2019\u00fas d\u2019oli de gira-sol \u2014greix d\u2019origen vegetal\u2014.<\/span><\/p>\n<p><span style=\"color: #cc9966; font-size: 21px; line-height: 26px;\">L\u2019\u00fas d\u2019oli de gira-sol \u00e9s m\u00e9s benefici\u00f3s gr\u00e0cies al seu alt contingut en \u00e0cids grassos omega-6, que tenen un efecte antiinflamatori, cardioprotector, i alhora redueixen el colesterol LDL.<\/span>[\/vc_column_text][\/vc_column_inner][\/vc_row_inner][vc_row_inner][vc_column_inner width=&#8221;5\/6&#8243;][vc_empty_space][vc_separator transparency=&#8221;1&#8243; up=&#8221;30px&#8221; down=&#8221;15px&#8221;][vc_empty_space height=&#8221;15px&#8221;][\/vc_column_inner][\/vc_row_inner][vc_row_inner css=&#8221;.vc_custom_1422901024587{margin-top: 15px !important;margin-bottom: 30px !important;}&#8221;][vc_column_inner width=&#8221;1\/4&#8243;][vc_single_image image=&#8221;16558&#8243; img_size=&#8221;160&#215;160&#8243; alignment=&#8221;center&#8221; qode_css_animation=&#8221;element_from_fade&#8221; transition_delay=&#8221;0.2&#8243; css=&#8221;.vc_custom_1423191353016{margin-bottom: 60px !important;}&#8221;][\/vc_column_inner][vc_column_inner width=&#8221;7\/12&#8243; css=&#8221;.vc_custom_1423150151264{margin-right: 20px !important;}&#8221;][vc_column_text]<\/p>\n<h1><span style=\"color: #663300; font-size: 50px;\">OUS FRESCOS<\/span><\/h1>\n<p><span style=\"color: #cc9966; font-size: 21px; line-height: 26px;\">Els ous que utilitzem a les nostres receptes s\u00f3n frescos i de categoria A.<\/span><\/p>\n<p><span style=\"color: #cc9966; font-size: 21px; line-height: 26px;\">Arriben a les nostres instal\u00b7lacions pasteuritzats, i ens assegurem que no es trenqui mai la cadena de fred. D\u2019aquesta manera garantim que conservin la qualitat i que compleixin totes les normatives sanit\u00e0ries. El m\u00e9s important per a nosaltres \u00e9s garantir la teva seguretat i salut!<\/span>[\/vc_column_text][\/vc_column_inner][\/vc_row_inner][vc_row_inner][vc_column_inner width=&#8221;5\/6&#8243;][vc_empty_space][vc_separator transparency=&#8221;1&#8243; up=&#8221;30px&#8221; down=&#8221;15px&#8221;][vc_empty_space height=&#8221;15px&#8221;][\/vc_column_inner][\/vc_row_inner][vc_row_inner css=&#8221;.vc_custom_1422901024587{margin-top: 15px !important;margin-bottom: 30px !important;}&#8221;][vc_column_inner width=&#8221;1\/4&#8243;][vc_single_image image=&#8221;16559&#8243; img_size=&#8221;160&#215;160&#8243; alignment=&#8221;center&#8221; qode_css_animation=&#8221;element_from_fade&#8221; transition_delay=&#8221;0.2&#8243; css=&#8221;.vc_custom_1423191374381{margin-bottom: 60px !important;}&#8221;][\/vc_column_inner][vc_column_inner width=&#8221;7\/12&#8243; css=&#8221;.vc_custom_1423150156665{margin-right: 20px !important;}&#8221;][vc_column_text]<\/p>\n<h1><span style=\"color: #663300; font-size: 50px;\">LA XOCOLATA!<\/span><\/h1>\n<p><span style=\"color: #cc9966; font-size: 21px; line-height: 26px;\">Xocolata de veritat! Aix\u00ed \u00e9s com ens agrada treballar, a partir de deliciosos productes de qualitat.<\/span><\/p>\n<p><span style=\"color: #cc9966; font-size: 21px; line-height: 26px;\">Elaborem els nostres productes amb xocolata amb m\u00e9s d\u2019un 40 % de cacau.<\/span><\/p>\n<p><span style=\"color: #cc9966; font-size: 21px; line-height: 26px;\">La xocolata no nom\u00e9s aporta un sabor \u00fanic, sin\u00f3 que \u00e9s beneficiosa per al nostre organisme. Ens ajuda a regular el colesterol i a reduir la pressi\u00f3 arterial gr\u00e0cies als polifenols antioxidants que cont\u00e9.<\/span><\/p>\n<p><span style=\"color: #cc9966; font-size: 21px; line-height: 26px;\">Aquest ingredient tan delici\u00f3s \u00e9s bo per a la salut i, a m\u00e9s, \u00e9s irresistible!<\/span>[\/vc_column_text][\/vc_column_inner][\/vc_row_inner][vc_row_inner][vc_column_inner width=&#8221;5\/6&#8243;][vc_empty_space][vc_separator transparency=&#8221;1&#8243; up=&#8221;30px&#8221; down=&#8221;15px&#8221;][vc_empty_space height=&#8221;15px&#8221;][\/vc_column_inner][\/vc_row_inner][vc_row_inner css=&#8221;.vc_custom_1422901024587{margin-top: 15px !important;margin-bottom: 30px !important;}&#8221;][vc_column_inner width=&#8221;1\/4&#8243;][vc_single_image image=&#8221;16560&#8243; img_size=&#8221;160&#215;160&#8243; alignment=&#8221;center&#8221; qode_css_animation=&#8221;element_from_fade&#8221; transition_delay=&#8221;0.2&#8243; css=&#8221;.vc_custom_1423191391508{margin-bottom: 60px !important;}&#8221;][\/vc_column_inner][vc_column_inner width=&#8221;7\/12&#8243; css=&#8221;.vc_custom_1423150162374{margin-right: 20px !important;}&#8221;][vc_column_text]<\/p>\n<h1><span style=\"color: #663300; font-size: 50px;\">FRUITA DE VERITAT<\/span><\/h1>\n<p><span style=\"color: #cc9966; font-size: 21px; line-height: 26px;\">Els nostres productes contenen fruita seleccionada entre la millor que ens ofereixen els nostres col\u00b7laboradors. Sempre \u00e9s de la m\u00e0xima qualitat, t\u00e9 les dimensions perfectes i compleix els estrictes controls de qualitat i tra\u00e7abilitat.<\/span><\/p>\n<p><span style=\"color: #cc9966; font-size: 21px; line-height: 26px;\">Treballem amb fruita natural i confitada segons la varietat, i aix\u00ed aconseguim el millor gust i textura per a tu! Perqu\u00e8 els nostres cakes siguin bon\u00edssims i naturals!<\/span>[\/vc_column_text][\/vc_column_inner][\/vc_row_inner][vc_row_inner][vc_column_inner][vc_empty_space height=&#8221;60px&#8221;][\/vc_column_inner][\/vc_row_inner][\/vc_column][\/vc_row][vc_row row_type=&#8221;parallax&#8221; text_align=&#8221;center&#8221; background_image=&#8221;16650&#8243;][vc_column offset=&#8221;vc_col-lg-offset-1 vc_col-lg-10 vc_col-xs-12&#8243;][vc_empty_space height=&#8221;55px&#8221;][vc_column_text]<\/p>\n<h1><span style=\"color: #ffffff; font-size: 50px;\">COL\u00b7LABORADORS<\/span><\/h1>\n<p><span style=\"color: #ffffff; font-size: 21px; line-height: 26px;\">Ens agrada parlar de col\u00b7laboradors, no de prove\u00efdors, perqu\u00e8 des de sempre hem treballat bra\u00e7 a bra\u00e7 amb tots ells per aconseguir que els nostres productes arribin a totes les llars per fer-te gaudir d\u2019una experi\u00e8ncia deliciosa, garantint sempre la millor qualitat!<\/span><\/p>\n<p><span style=\"color: #ffffff; font-size: 21px; line-height: 26px;\">La relaci\u00f3 amb els nostres col\u00b7laboradors es basa en la feina ben feta i en millorar junts dia a dia.<\/span>[\/vc_column_text][vc_empty_space height=&#8221;55px&#8221;][\/vc_column][\/vc_row]<\/p>\n<\/div>","protected":false},"excerpt":{"rendered":"<p>[vc_row text_align=&#8221;center&#8221; background_image=&#8221;16581&#8243;][vc_column][vc_empty_space height=&#8221;90px&#8221;][vc_empty_space height=&#8221;35px&#8221;][vc_column_text] QUALITAT [\/vc_column_text][vc_empty_space height=&#8221;60px&#8221;][\/vc_column][\/vc_row][vc_row][vc_column][vc_empty_space height=&#8221;80px&#8221;][\/vc_column][\/vc_row][vc_row][vc_column offset=&#8221;vc_col-xs-offset-1 vc_col-xs-10&#8243;][vc_row_inner css=&#8221;.vc_custom_1422900972529{margin-bottom: 30px !important;}&#8221;][vc_column_inner width=&#8221;1\/4&#8243;][vc_single_image image=&#8221;16501&#8243; img_size=&#8221;140&#215;160&#8243; alignment=&#8221;center&#8221; qode_css_animation=&#8221;element_from_fade&#8221; transition_delay=&#8221;0.2&#8243; css=&#8221;.vc_custom_1423190276978{margin-bottom: 60px !important;}&#8221;][\/vc_column_inner][vc_column_inner width=&#8221;7\/12&#8243; css=&#8221;.vc_custom_1423150114023{margin-right: 20px !important;}&#8221;][vc_column_text] IFS A Ballar\u00e0 hem adquirit el ferm comprom\u00eds d\u2019oferir la millor qualitat. El seguiment de cadascuna de les&#8230;<\/p>\n","protected":false},"author":1,"featured_media":0,"parent":0,"menu_order":0,"comment_status":"open","ping_status":"closed","template":"full_width.php","meta":{"footnotes":""},"class_list":["post-16394","page","type-page","status-publish","hentry"],"_links":{"self":[{"href":"https:\/\/www.ballara.es\/ca\/wp-json\/wp\/v2\/pages\/16394","targetHints":{"allow":["GET"]}}],"collection":[{"href":"https:\/\/www.ballara.es\/ca\/wp-json\/wp\/v2\/pages"}],"about":[{"href":"https:\/\/www.ballara.es\/ca\/wp-json\/wp\/v2\/types\/page"}],"author":[{"embeddable":true,"href":"https:\/\/www.ballara.es\/ca\/wp-json\/wp\/v2\/users\/1"}],"replies":[{"embeddable":true,"href":"https:\/\/www.ballara.es\/ca\/wp-json\/wp\/v2\/comments?post=16394"}],"version-history":[{"count":78,"href":"https:\/\/www.ballara.es\/ca\/wp-json\/wp\/v2\/pages\/16394\/revisions"}],"predecessor-version":[{"id":17110,"href":"https:\/\/www.ballara.es\/ca\/wp-json\/wp\/v2\/pages\/16394\/revisions\/17110"}],"wp:attachment":[{"href":"https:\/\/www.ballara.es\/ca\/wp-json\/wp\/v2\/media?parent=16394"}],"curies":[{"name":"wp","href":"https:\/\/api.w.org\/{rel}","templated":true}]}}